{"id":463,"date":"2022-05-05T10:09:14","date_gmt":"2022-05-05T08:09:14","guid":{"rendered":"http:\/\/client.sevciktomas.cz\/hotelbudweis\/restaurace\/"},"modified":"2022-05-14T12:19:10","modified_gmt":"2022-05-14T10:19:10","slug":"restaurace","status":"publish","type":"page","link":"https:\/\/www.hotelbudweis.cz\/de\/restaurace\/","title":{"rendered":"restaurant"},"content":{"rendered":"<p>[vc_row][vc_column][vc_empty_space height=&#8220;80&#8243;][\/vc_column][\/vc_row][vc_row][vc_column width=&#8220;1\/2&#8243;][vc_empty_space height=&#8220;32&#8243;][vc_column_text]<\/p>\n<p style=\"text-align: center;\"><span style=\"font-weight: 400;\">Das <strong>Restaurant<\/strong> und das <strong>Caf\u00e9<\/strong> bieten ihren G\u00e4sten lockere und stilvolle Atmosphere an. Zur Wahl stehen Gerichte der traditionellen b\u00f6hmischen wie auch der internationalen K\u00fcche in der besten Qualit\u00e4t.<\/span><\/p>\n<p style=\"text-align: center;\"><strong><span style=\"color: #c49f68;\">Das Caf\u00e9 ist wie geschaffen f\u00fcr freundschaftliche Begegnungen beim Glas Wein, beim Kaffee mit Kuchen oder frischen Coctails.<\/span><\/strong><\/p>\n<p style=\"text-align: center;\"><span style=\"font-weight: 400;\">Das professionelle Personal der gastronomischen R\u00e4umlichkeiten sichert Ihnen auch Hochzeitsm\u00e4hler, Rezeptionen, festliche B\u00fcffets und andere freundschaftliche oder geselschaftliche Begegnungen.<\/span><\/p>\n<p>[\/vc_column_text][vc_empty_space height=&#8220;50&#8243;][vc_row_inner][vc_column_inner][\/vc_column_inner][\/vc_row_inner][\/vc_column][vc_column width=&#8220;1\/2&#8243;][vc_single_image image=&#8220;208&#8243; img_size=&#8220;large&#8220; alignment=&#8220;center&#8220; style=&#8220;vc_box_shadow_3d&#8220; onclick=&#8220;zoom&#8220; css_animation=&#8220;fadeInRight&#8220; css=&#8220;.vc_custom_1651772728052{background-position: center !important;background-repeat: no-repeat !important;background-size: contain !important;}&#8220;][vc_empty_space][\/vc_column][\/vc_row][vc_row][vc_column][vc_empty_space][\/vc_column][\/vc_row][vc_row full_width=&#8220;stretch_row_content&#8220; content_placement=&#8220;bottom&#8220; parallax=&#8220;content-moving&#8220; parallax_speed_bg=&#8220;2&#8243; css=&#8220;.vc_custom_1651773559139{background-image: url(https:\/\/www.hotelbudweis.cz\/wp-content\/uploads\/2022\/05\/666-scaled.jpg?id=214) !important;background-position: center;background-repeat: no-repeat;background-size:cover;}&#8220;][vc_column][vc_empty_space height=&#8220;200&#8243;][\/vc_column][\/vc_row][vc_row][vc_column][vc_empty_space height=&#8220;80&#8243;][\/vc_column][\/vc_row][vc_row][vc_column][vc_custom_heading text=&#8220;Gastronomische Dienstleistungen:&#8220; font_container=&#8220;tag:h3|text_align:center|color:%23c49f68&#8243; use_theme_fonts=&#8220;yes&#8220; css_animation=&#8220;fadeInDown&#8220;][vc_empty_space height=&#8220;60&#8243;][\/vc_column][\/vc_row][vc_row][vc_column width=&#8220;1\/4&#8243;]<div class=\"mkdf-iwt clearfix  mkdf-iwt-icon-top mkdf-iwt-icon-small mkdf-iwt-has-separator\">\n\t<div class=\"mkdf-iwt-icon\">\n\t\t\t\t\t\t\t\t\t    <span class=\"mkdf-icon-shortcode mkdf-normal   mkdf-icon-small\"  data-color=\"#c49f68\">\n                    <i class=\"mkdf-icon-font-awesome fa fa-spoon mkdf-icon-element\" style=\"color: #c49f68\" ><\/i>            <\/span>\n\t\t\t\t\t\t<\/div>\n\t<div class=\"mkdf-iwt-content\" >\n\t\t\t\t\t<h5 class=\"mkdf-iwt-title\" >\n\t\t\t\t\t\t\t\t<span class=\"mkdf-iwt-title-text\">Restaurant min Repres\u00e4ntationsraum<\/span>\n\t\t\t\t\t\t\t\t\t\t\t<\/h5>\n\t\t\t\t\t\t\t<div class=\"mkdf-iwt-separator\" ><\/div>\n\t\t\t\t\t\t\t<\/div>\n<\/div>[\/vc_column][vc_column width=&#8220;1\/4&#8243;]<div class=\"mkdf-iwt clearfix  mkdf-iwt-icon-top mkdf-iwt-icon-small mkdf-iwt-has-separator\">\n\t<div class=\"mkdf-iwt-icon\">\n\t\t\t\t\t\t\t\t\t    <span class=\"mkdf-icon-shortcode mkdf-normal   mkdf-icon-small\"  data-color=\"#c49f68\">\n                    <i class=\"mkdf-icon-font-awesome fa fa-coffee mkdf-icon-element\" style=\"color: #c49f68\" ><\/i>            <\/span>\n\t\t\t\t\t\t<\/div>\n\t<div class=\"mkdf-iwt-content\" >\n\t\t\t\t\t<h5 class=\"mkdf-iwt-title\" >\n\t\t\t\t\t\t\t\t<span class=\"mkdf-iwt-title-text\">Lobby-Bar Caf\u00e9<\/span>\n\t\t\t\t\t\t\t\t\t\t\t<\/h5>\n\t\t\t\t\t\t\t<div class=\"mkdf-iwt-separator\" ><\/div>\n\t\t\t\t\t\t\t<\/div>\n<\/div>[\/vc_column][vc_column width=&#8220;1\/4&#8243;]<div class=\"mkdf-iwt clearfix  mkdf-iwt-icon-top mkdf-iwt-icon-small mkdf-iwt-has-separator\">\n\t<div class=\"mkdf-iwt-icon\">\n\t\t\t\t\t\t\t\t\t    <span class=\"mkdf-icon-shortcode mkdf-normal   mkdf-icon-small\"  data-color=\"#c49f68\">\n                    <i class=\"mkdf-icon-font-awesome fa fa-comments mkdf-icon-element\" style=\"color: #c49f68\" ><\/i>            <\/span>\n\t\t\t\t\t\t<\/div>\n\t<div class=\"mkdf-iwt-content\" >\n\t\t\t\t\t<h5 class=\"mkdf-iwt-title\" >\n\t\t\t\t\t\t\t\t<span class=\"mkdf-iwt-title-text\">Konferenzr\u00e4umlichkeiten mit einer Bar<\/span>\n\t\t\t\t\t\t\t\t\t\t\t<\/h5>\n\t\t\t\t\t\t\t<div class=\"mkdf-iwt-separator\" ><\/div>\n\t\t\t\t\t\t\t<\/div>\n<\/div>[\/vc_column][vc_column width=&#8220;1\/4&#8243;]<div class=\"mkdf-iwt clearfix  mkdf-iwt-icon-top mkdf-iwt-icon-small mkdf-iwt-has-separator\">\n\t<div class=\"mkdf-iwt-icon\">\n\t\t\t\t\t\t\t\t\t    <span class=\"mkdf-icon-shortcode mkdf-normal   mkdf-icon-small\"  data-color=\"#c49f68\">\n                    <i class=\"mkdf-icon-font-awesome fa fa-tree mkdf-icon-element\" style=\"color: #c49f68\" ><\/i>            <\/span>\n\t\t\t\t\t\t<\/div>\n\t<div class=\"mkdf-iwt-content\" >\n\t\t\t\t\t<h5 class=\"mkdf-iwt-title\" >\n\t\t\t\t\t\t\t\t<span class=\"mkdf-iwt-title-text\">sowie Aussensitzgelegenheit mit sch\u00f6ner Aussicht auf die Maltsch und das Dominikanerkloste<\/span>\n\t\t\t\t\t\t\t\t\t\t\t<\/h5>\n\t\t\t\t\t\t\t<div class=\"mkdf-iwt-separator\" ><\/div>\n\t\t\t\t\t\t\t<\/div>\n<\/div>[\/vc_column][\/vc_row][vc_row][vc_column][vc_empty_space height=&#8220;60&#8243;][vc_column_text]<\/p>\n<p style=\"text-align: center;\"><span style=\"font-weight: 400;\">Wir organisieren <strong>Seminare<\/strong>, <strong>Konferentionen<\/strong>, <strong>geselschaftliche Veranstaltungen<\/strong>, <strong>Hochzeitsm\u00e4hler<\/strong>, <strong>Abituriententreffen<\/strong>, <strong>Reiseleitung<\/strong> und <strong>Stadtf\u00fchrungen<\/strong> und andere Leistungen nach W\u00fcnschen des Kunden.<\/span><\/p>\n<p style=\"text-align: center;\"><span style=\"font-weight: 400; color: #c49f68;\">F\u00fcr das Organisieren von privaten oder geselschaftlichen Veranstaltungen steht das <strong>Restaurant<\/strong> (120 Personen) mit dem <strong>Repres\u00e4ntationsraum<\/strong> zur Verf\u00fcgung. Der Repres\u00e4ntationsraum hat eine Kapazit\u00e4t von 30 Personen und ist mit gro\u00dffl\u00e4chigem Fernseher ausgestattet, eine Verbindung mit dem Notebook ist auch m\u00f6glich. In der ersten Etage befindet sich ein gro\u00dfer Konferenzraum mit einer Kapazit\u00e4t von 100 Personen, der mit der Projektionsleinwand mit Datenprojektor ausgestattet ist. In allen Hotelr\u00e4umlichkeiten gibt es eine Internetverbindung.<\/span><\/p>\n<p>[\/vc_column_text][\/vc_column][\/vc_row][vc_row][vc_column][vc_empty_space height=&#8220;72&#8243;][\/vc_column][\/vc_row][vc_row][vc_column][vc_column_text]<\/p>\n<p style=\"text-align: center;\">Kontakt f\u00fcr die Buchung ist <a href=\"https:\/\/www.hotelbudweis.cz\/de\/kontakt\/\">hier<\/a>.<\/p>\n<p>[\/vc_column_text][\/vc_column][\/vc_row][vc_row][vc_column][vc_empty_space height=&#8220;50&#8243;][\/vc_column][\/vc_row][vc_row full_width=&#8220;stretch_row_content&#8220; content_placement=&#8220;middle&#8220;][vc_column][vc_gallery type=&#8220;image_grid&#8220; images=&#8220;597,588,591,600,603,606,618,582,579,576,615,612&#8243; img_size=&#8220;medium&#8220;][\/vc_column][\/vc_row]<\/p>\n","protected":false},"excerpt":{"rendered":"<p>[vc_row][vc_column][vc_empty_space height=&#8220;80&#8243;][\/vc_column][\/vc_row][vc_row][vc_column width=&#8220;1\/2&#8243;][vc_empty_space height=&#8220;32&#8243;][vc_column_text] Das Restaurant und das Caf\u00e9 bieten ihren G\u00e4sten lockere und stilvolle Atmosphere an. Zur Wahl stehen Gerichte der traditionellen b\u00f6hmischen wie auch der internationalen K\u00fcche in der besten Qualit\u00e4t. Das Caf\u00e9 ist wie geschaffen f\u00fcr freundschaftliche [&hellip;]<\/p>\n","protected":false},"author":1,"featured_media":0,"parent":0,"menu_order":0,"comment_status":"closed","ping_status":"closed","template":"","meta":[],"_links":{"self":[{"href":"https:\/\/www.hotelbudweis.cz\/de\/wp-json\/wp\/v2\/pages\/463"}],"collection":[{"href":"https:\/\/www.hotelbudweis.cz\/de\/wp-json\/wp\/v2\/pages"}],"about":[{"href":"https:\/\/www.hotelbudweis.cz\/de\/wp-json\/wp\/v2\/types\/page"}],"author":[{"embeddable":true,"href":"https:\/\/www.hotelbudweis.cz\/de\/wp-json\/wp\/v2\/users\/1"}],"replies":[{"embeddable":true,"href":"https:\/\/www.hotelbudweis.cz\/de\/wp-json\/wp\/v2\/comments?post=463"}],"version-history":[{"count":4,"href":"https:\/\/www.hotelbudweis.cz\/de\/wp-json\/wp\/v2\/pages\/463\/revisions"}],"predecessor-version":[{"id":632,"href":"https:\/\/www.hotelbudweis.cz\/de\/wp-json\/wp\/v2\/pages\/463\/revisions\/632"}],"wp:attachment":[{"href":"https:\/\/www.hotelbudweis.cz\/de\/wp-json\/wp\/v2\/media?parent=463"}],"curies":[{"name":"wp","href":"https:\/\/api.w.org\/{rel}","templated":true}]}}